{"id":4,"date":"2022-08-11T12:13:00","date_gmt":"2022-08-11T10:13:00","guid":{"rendered":"https:\/\/nextbike-live.pluspol-networks.de\/ivb\/?page_id=4"},"modified":"2022-08-13T12:35:18","modified_gmt":"2022-08-13T10:35:18","slug":"startseite","status":"publish","type":"page","link":"https:\/\/www.stadtrad-innsbruck.at\/de\/","title":{"rendered":"Startseite"},"content":{"rendered":"<div class=\"wpb-content-wrapper\"><p>[vc_row ppi_row_padding=&#8220;ppi_remove_padding_top,ppi_remove_padding_bottom&#8220; full_width=&#8220;stretch_row_content_no_spaces&#8220; el_class=&#8220;stage-row&#8220;][vc_column]<div class=\"nextbike stage\">\n                    <div class=\"stage__wrapper\">\n                        <div class=\"container\">\n                            <div class=\"stage__content\"><span class=\"h3\">Bike-Sharing in \u00fcber 300 St\u00e4dten weltweit<\/span><h1>App downloaden &amp; Stadtrad Innsbruck fahren<\/h1><div class=\"stage__content__stores\"><a class=\"nb-appstore-btn\" aria-label=\"Apple App Store\" href=\"https:\/\/apps.apple.com\/de\/app\/nextbike\/id504288371\" target=\"_blank\" data-custom-link=\"false\"><img decoding=\"async\" width=\"200px\" height=\"59px\" alt=\"Apple App Store\" src=\"https:\/\/www.stadtrad-innsbruck.at\/wp-content\/uploads\/2022\/07\/apple-logo.svg\" \/><\/a><a class=\"nb-appstore-btn\" aria-label=\"Google App Store\" href=\"https:\/\/play.google.com\/store\/apps\/details?id=de.nextbike\" target=\"_blank\" data-custom-link=\"false\"><img decoding=\"async\" width=\"200px\" height=\"59px\" alt=\"Google App Store\" src=\"https:\/\/www.stadtrad-innsbruck.at\/wp-content\/uploads\/2022\/07\/google-logo.svg\" \/><\/a><a class=\"nb-appstore-btn\" aria-label=\"Huawei App Store\" href=\"https:\/\/appgallery.huawei.com\/#\/app\/C102537239\" target=\"_blank\" data-custom-link=\"false\"><img decoding=\"async\" width=\"200px\" height=\"59px\" alt=\"Huawei App Store\" src=\"https:\/\/www.stadtrad-innsbruck.at\/wp-content\/uploads\/2022\/07\/huawei-logo.svg\" \/><\/a><\/div>\n                            <\/div>\n                        <\/div><div role=\"img\" aria-label=\"Missing alt text\" class=\"stage__parallax parallax-speed5 show-for-md\" style=\"background-image: url(https:\/\/www.stadtrad-innsbruck.at\/wp-content\/uploads\/2024\/04\/sun_background_optimized-1.svg)\"><\/div>\n                   <div role=\"img\" aria-label=\"Missing alt text\" class=\"stage__parallax parallax-speed4 show-for-md\" style=\"background-image: url(https:\/\/www.stadtrad-innsbruck.at\/wp-content\/uploads\/2023\/03\/City_background.svg)\"><\/div>\n                   <div role=\"img\" aria-label=\"\" class=\"stage__parallax parallax-speed3 show-for-md\" style=\"background-image: url(https:\/\/www.stadtrad-innsbruck.at\/wp-content\/uploads\/sites\/8\/2022\/08\/03_header_LAYER-3.svg)\"><\/div>\n                   <div role=\"img\" aria-label=\"\" class=\"stage__parallax parallax-speed2 show-for-md\" style=\"background-image: url(https:\/\/www.stadtrad-innsbruck.at\/wp-content\/uploads\/sites\/8\/2022\/08\/02_header_LAYER-2.svg)\"><\/div>\n                   <div role=\"img\" aria-label=\"\" class=\"stage__parallax parallax-speed1 show-for-md\" style=\"background-image: url(https:\/\/www.stadtrad-innsbruck.at\/wp-content\/uploads\/sites\/8\/2022\/08\/01_header_LAYER-1.svg)\"><\/div><img decoding=\"async\" class=\"stage__mobile hide-for-md\" src=\"https:\/\/www.stadtrad-innsbruck.at\/wp-content\/uploads\/sites\/8\/2025\/04\/Mobile_header_static.svg\" alt=\"\" \/><\/div>\n                <\/div>[\/vc_column][\/vc_row][vc_row ppi_row_padding=&#8220;ppi_remove_padding_top&#8220;][vc_column]<div class=\"nextbike mockups\"><div class=\"mockups__item\">\n    <div class=\"mockups__item__container\">\n                <div class=\"mockups__item__image mockups__item__image__left\">\n                        <div class=\"mockups__item__image__img\">\n                <img loading=\"lazy\" decoding=\"async\" width=\"549\" height=\"858\" src=\"https:\/\/www.stadtrad-innsbruck.at\/wp-content\/uploads\/sites\/8\/2025\/04\/Phone-Mockup-Map-Active-Ride.png\" class=\"attachment-nex-sm size-nex-sm\" alt=\"\" srcset=\"https:\/\/www.stadtrad-innsbruck.at\/wp-content\/uploads\/sites\/8\/2025\/04\/Phone-Mockup-Map-Active-Ride.png 549w, https:\/\/www.stadtrad-innsbruck.at\/wp-content\/uploads\/sites\/8\/2025\/04\/Phone-Mockup-Map-Active-Ride-192x300.png 192w, https:\/\/www.stadtrad-innsbruck.at\/wp-content\/uploads\/sites\/8\/2025\/04\/Phone-Mockup-Map-Active-Ride-480x750.png 480w, https:\/\/www.stadtrad-innsbruck.at\/wp-content\/uploads\/sites\/8\/2025\/04\/Phone-Mockup-Map-Active-Ride-90x140.png 90w, https:\/\/www.stadtrad-innsbruck.at\/wp-content\/uploads\/sites\/8\/2025\/04\/Phone-Mockup-Map-Active-Ride-64x100.png 64w\" sizes=\"auto, (max-width: 549px) 100vw, 549px\" \/>            <\/div>\n                                                            <div class=\"mockups__item__image__bg parallax\">\n                        <img loading=\"lazy\" decoding=\"async\" width=\"1\" height=\"1\" src=\"https:\/\/www.stadtrad-innsbruck.at\/wp-content\/uploads\/sites\/8\/2022\/08\/08_bubble-MAP.svg\" class=\"attachment-nex-md size-nex-md\" alt=\"\" \/>                    <\/div>\n                                    <\/div>\n                        <div class=\"mockups__item__content mockups__item__content__left\">\n                        <h2 class=\"h3 mockups__item__headline\">\n                Stadtrad Innsbruck            <\/h2>\n                                    <p class=\"mockups__item__text\">\n                <p>Das Fahrradverleihsystem der Stadt Innsbruck gibt es seit 2014 &ndash; mit &uuml;ber 600 R&auml;dern an ca. <a href=\"https:\/\/www.stadtrad-innsbruck.at\/wp-content\/uploads\/sites\/8\/2026\/01\/Lnp_topographisch_Stadtrad_20260112-komprimiert.pdf\" target=\"_blank\" rel=\"noopener noreferrer\"><u>50 Standorten (PDF ca. 1MB<\/u><\/a><u>)<\/u>. Jahres- und Monatstarif von Stadtrad Innsbruck gelten auch f&uuml;r das VVT REGIORAD.<\/p>            <\/p>\n                                    <a href=\"#standorte\" target=\"_self\" title=\"Mehr Infos\" class=\"mockups__item__link\" >\n                Mehr Infos            <\/a>\n                    <\/div>\n            <\/div>\n<\/div>\n<div class=\"mockups__item\">\n    <div class=\"mockups__item__container\">\n                <div class=\"mockups__item__image mockups__item__image__right\">\n                        <div class=\"mockups__item__image__img\">\n                <img loading=\"lazy\" decoding=\"async\" width=\"633\" height=\"827\" src=\"https:\/\/www.stadtrad-innsbruck.at\/wp-content\/uploads\/2025\/04\/Phone-Mockup-QR-Code-Scanner.png\" class=\"attachment-nex-sm size-nex-sm\" alt=\"\" srcset=\"https:\/\/www.stadtrad-innsbruck.at\/wp-content\/uploads\/2025\/04\/Phone-Mockup-QR-Code-Scanner.png 633w, https:\/\/www.stadtrad-innsbruck.at\/wp-content\/uploads\/2025\/04\/Phone-Mockup-QR-Code-Scanner-230x300.png 230w, https:\/\/www.stadtrad-innsbruck.at\/wp-content\/uploads\/2025\/04\/Phone-Mockup-QR-Code-Scanner-480x627.png 480w, https:\/\/www.stadtrad-innsbruck.at\/wp-content\/uploads\/2025\/04\/Phone-Mockup-QR-Code-Scanner-107x140.png 107w, https:\/\/www.stadtrad-innsbruck.at\/wp-content\/uploads\/2025\/04\/Phone-Mockup-QR-Code-Scanner-77x100.png 77w\" sizes=\"auto, (max-width: 633px) 100vw, 633px\" \/>            <\/div>\n                                                            <div class=\"mockups__item__image__bg parallax\">\n                        <img loading=\"lazy\" decoding=\"async\" width=\"1\" height=\"1\" src=\"https:\/\/www.stadtrad-innsbruck.at\/wp-content\/uploads\/sites\/8\/2022\/08\/07_bubble-SCAN.svg\" class=\"attachment-nex-md size-nex-md\" alt=\"\" \/>                    <\/div>\n                                    <\/div>\n                        <div class=\"mockups__item__content mockups__item__content__right\">\n                        <h2 class=\"h3 mockups__item__headline\">\n                Ausleihe &amp; R\u00fcckgabe            <\/h2>\n                                    <p class=\"mockups__item__text\">\n                R\u00e4der ganz einfach per nextbike-App \u00f6ffnen und losfahren. Schloss schlie\u00dfen und die Ausleihe endet sofort.            <\/p>\n                                    <a href=\"#so-gehts\" target=\"_self\" title=\"So geht&#039;s!\" class=\"mockups__item__link\" >\n                So geht&#039;s!            <\/a>\n                    <\/div>\n            <\/div>\n<\/div>\n<div class=\"mockups__item\">\n    <div class=\"mockups__item__container\">\n                <div class=\"mockups__item__image mockups__item__image__left\">\n                        <div class=\"mockups__item__image__img\">\n                <img loading=\"lazy\" decoding=\"async\" width=\"499\" height=\"762\" src=\"https:\/\/www.stadtrad-innsbruck.at\/wp-content\/uploads\/sites\/8\/2025\/04\/Phone-Mockup-Ride-Complete.png\" class=\"attachment-nex-sm size-nex-sm\" alt=\"\" srcset=\"https:\/\/www.stadtrad-innsbruck.at\/wp-content\/uploads\/sites\/8\/2025\/04\/Phone-Mockup-Ride-Complete.png 499w, https:\/\/www.stadtrad-innsbruck.at\/wp-content\/uploads\/sites\/8\/2025\/04\/Phone-Mockup-Ride-Complete-196x300.png 196w, https:\/\/www.stadtrad-innsbruck.at\/wp-content\/uploads\/sites\/8\/2025\/04\/Phone-Mockup-Ride-Complete-480x733.png 480w, https:\/\/www.stadtrad-innsbruck.at\/wp-content\/uploads\/sites\/8\/2025\/04\/Phone-Mockup-Ride-Complete-92x140.png 92w, https:\/\/www.stadtrad-innsbruck.at\/wp-content\/uploads\/sites\/8\/2025\/04\/Phone-Mockup-Ride-Complete-65x100.png 65w\" sizes=\"auto, (max-width: 499px) 100vw, 499px\" \/>            <\/div>\n                                                            <div class=\"mockups__item__image__bg parallax\">\n                        <img loading=\"lazy\" decoding=\"async\" width=\"1\" height=\"1\" src=\"https:\/\/www.stadtrad-innsbruck.at\/wp-content\/uploads\/sites\/8\/2022\/08\/09_bubble-APP.svg\" class=\"attachment-nex-md size-nex-md\" alt=\"\" \/>                    <\/div>\n                                    <\/div>\n                        <div class=\"mockups__item__content mockups__item__content__left\">\n                        <h2 class=\"h3 mockups__item__headline\">\n                 Flexibel und nachhaltig            <\/h2>\n                                    <p class=\"mockups__item__text\">\n                Entweder zum Basistarif pro halbe Stunde zahlen oder einen der Vorteilstarife nutzen. Mit g\u00fcltigem \u00d6ffi-Ticket f\u00e4hrst du noch g\u00fcnstiger mit dem Stadtrad Innsbruck.\r\n\r\n            <\/p>\n                                    <a href=\"#tarife\" target=\"_self\" title=\"Unsere Tarife\" class=\"mockups__item__link\" >\n                Unsere Tarife            <\/a>\n                    <\/div>\n            <\/div>\n<\/div>\n<\/div>[\/vc_column][\/vc_row][vc_row ppi_row_type=&#8220;ppi_bg_grey&#8220; full_width=&#8220;stretch_row&#8220; el_id=&#8220;so-gehts&#8220;][vc_column]<div class=\"nextbike how-its-done\">\n    <h2>So geht\u2019s<\/h2>\n\n\n    <div class=\"how-its-done__tabs\">\n                                    <a role=\"button\" href=\"#\" class=\"how-its-done__tab how-its-done__tab1 how-its-done__tab__current\" data-tab=\"tab1\">Standardr\u00e4der<\/a>\n                                                <a role=\"button\" href=\"#\" class=\"how-its-done__tab how-its-done__tab2 \" data-tab=\"tab2\">Lastenrad<\/a>\n                                                <a role=\"button\" href=\"#\" class=\"how-its-done__tab how-its-done__tab3 \" data-tab=\"tab3\">E-Lastenrad<\/a>\n                                                                <\/div>\n\n<div class=\"how-its-done__container\">\n                        <div class=\"how-its-done__ctab how-its-done__ctab__tab1 how-its-done__ctab__current\" data-ctab=\"tab1\">\n                <div class=\"how-its-done__image\">\n                    <img loading=\"lazy\" decoding=\"async\" width=\"401\" height=\"401\" src=\"https:\/\/www.stadtrad-innsbruck.at\/wp-content\/uploads\/sites\/8\/2022\/08\/12_FRAMELOCK.png\" class=\"attachment-nex-md size-nex-md\" alt=\"\" srcset=\"https:\/\/www.stadtrad-innsbruck.at\/wp-content\/uploads\/sites\/8\/2022\/08\/12_FRAMELOCK.png 401w, https:\/\/www.stadtrad-innsbruck.at\/wp-content\/uploads\/sites\/8\/2022\/08\/12_FRAMELOCK-300x300.png 300w, https:\/\/www.stadtrad-innsbruck.at\/wp-content\/uploads\/sites\/8\/2022\/08\/12_FRAMELOCK-150x150.png 150w, https:\/\/www.stadtrad-innsbruck.at\/wp-content\/uploads\/sites\/8\/2022\/08\/12_FRAMELOCK-140x140.png 140w, https:\/\/www.stadtrad-innsbruck.at\/wp-content\/uploads\/sites\/8\/2022\/08\/12_FRAMELOCK-100x100.png 100w\" sizes=\"auto, (max-width: 401px) 100vw, 401px\" \/>                <\/div>\n                <div class=\"how-its-done__content\">\n                                            <h3 class=\"h5\">REGISTRIERUNG<\/h3>\n                                                                <p>Die Registrierung ist kostenlos, lediglich zur Verifizierung deines Zahlungsmittels musst du ein Fahrtguthaben von 1&nbsp;\u20ac hinterlegen, welches du sp\u00e4ter verfahren kannst.<\/p>\n                                                                <h3 class=\"h5\">AUSLEIHE<\/h3>\n                                                                <p>Scanne mit der nextbike App den QR-Code am Rad und das Rahmenschloss \u00f6ffnet sich automatisch.<\/p>\n                                                                <h3 class=\"h5\">PAUSIEREN<\/h3>\n                                                                <p>Fahrt pausieren, ohne die Ausleihe zu beenden? Pausiere dazu einfach deine Fahrt in der App und schlie\u00dfe das Schloss. Die Ausleihe l\u00e4uft w\u00e4hrend des Pausierens weiter und wird identisch berechnet.<\/p>\n                                                                <h3 class=\"h5\">R\u00dcCKGABE<\/h3>\n                                                                <p>Stelle das Rad an einer offiziellen Station in Innsbruck ab und dr\u00fccke den kleinen Hebel am Rahmenschloss nach unten. Bei R\u00fcckgaben abseits der Stationen in Innsbruck erheben wir eine Servicegeb\u00fchr i.H.v. 20 \u20ac.<\/p>\n                                    <\/div>\n            <\/div>\n                                <div class=\"how-its-done__ctab how-its-done__ctab__tab2 \" data-ctab=\"tab2\">\n                <div class=\"how-its-done__image\">\n                    <img loading=\"lazy\" decoding=\"async\" width=\"401\" height=\"401\" src=\"https:\/\/www.stadtrad-innsbruck.at\/wp-content\/uploads\/sites\/8\/2022\/08\/12_FRAMELOCK.png\" class=\"attachment-nex-md size-nex-md\" alt=\"\" srcset=\"https:\/\/www.stadtrad-innsbruck.at\/wp-content\/uploads\/sites\/8\/2022\/08\/12_FRAMELOCK.png 401w, https:\/\/www.stadtrad-innsbruck.at\/wp-content\/uploads\/sites\/8\/2022\/08\/12_FRAMELOCK-300x300.png 300w, https:\/\/www.stadtrad-innsbruck.at\/wp-content\/uploads\/sites\/8\/2022\/08\/12_FRAMELOCK-150x150.png 150w, https:\/\/www.stadtrad-innsbruck.at\/wp-content\/uploads\/sites\/8\/2022\/08\/12_FRAMELOCK-140x140.png 140w, https:\/\/www.stadtrad-innsbruck.at\/wp-content\/uploads\/sites\/8\/2022\/08\/12_FRAMELOCK-100x100.png 100w\" sizes=\"auto, (max-width: 401px) 100vw, 401px\" \/>                <\/div>\n                <div class=\"how-its-done__content\">\n                                            <h3 class=\"h5\"> REGISTRIERUNG<\/h3>\n                                                                <p>Die Registrierung ist kostenlos, lediglich zur Verifizierung deines Zahlungsmittels musst du ein Fahrtguthaben von 1 \u20ac hinterlegen, welches du sp\u00e4ter verfahren kannst.<\/p>\n                                                                <h3 class=\"h5\">AUSLEIHE<\/h3>\n                                                                <p>Lastenr\u00e4der stehen von April bis November an den Stationen Sillpark, Maria-Theresien-Stra\u00dfe, Schutzengelkirche und Waltherpark zur Verf\u00fcgung. Scanne mit der nextbike App den QR-Code am Rad und das Rahmenschloss \u00f6ffnet sich automatisch.  Bitte beachte, dass nur A-A Fahrten m\u00f6glich sind, d.h. das Lastenrad kann nur am Ausleih-Standort wieder zur\u00fcckgegeben werden.<\/p>\n                                                                <h3 class=\"h5\">FAHRTPAUSE<\/h3>\n                                                                <p>Fahrt pausieren, ohne die Ausleihe zu beenden? Pausiere dazu einfach deine Fahrt in der App und schlie\u00dfe das Schloss. Die Ausleihe l\u00e4uft w\u00e4hrend des Pausierens weiter und wird identisch berechnet.<\/p>\n                                                                <h3 class=\"h5\">R\u00dcCKGABE<\/h3>\n                                                                <p>Gebe das Lastenrad wieder an der Station ab, an der es auch ausgeliehen wurde. Stelle es dabei auf die F\u00fc\u00dfe und schlie\u00dfe das Rahmenschloss. Beende die Ausleihe \u00fcber die App. Bei R\u00fcckgaben abseits dieser Station erheben wir eine Servicegeb\u00fchr i.H.v. 40 \u20ac.<\/p>\n                                    <\/div>\n            <\/div>\n                                <div class=\"how-its-done__ctab how-its-done__ctab__tab3 \" data-ctab=\"tab3\">\n                <div class=\"how-its-done__image\">\n                    <img loading=\"lazy\" decoding=\"async\" width=\"401\" height=\"401\" src=\"https:\/\/www.stadtrad-innsbruck.at\/wp-content\/uploads\/sites\/8\/2022\/08\/12_FRAMELOCK.png\" class=\"attachment-nex-md size-nex-md\" alt=\"\" srcset=\"https:\/\/www.stadtrad-innsbruck.at\/wp-content\/uploads\/sites\/8\/2022\/08\/12_FRAMELOCK.png 401w, https:\/\/www.stadtrad-innsbruck.at\/wp-content\/uploads\/sites\/8\/2022\/08\/12_FRAMELOCK-300x300.png 300w, https:\/\/www.stadtrad-innsbruck.at\/wp-content\/uploads\/sites\/8\/2022\/08\/12_FRAMELOCK-150x150.png 150w, https:\/\/www.stadtrad-innsbruck.at\/wp-content\/uploads\/sites\/8\/2022\/08\/12_FRAMELOCK-140x140.png 140w, https:\/\/www.stadtrad-innsbruck.at\/wp-content\/uploads\/sites\/8\/2022\/08\/12_FRAMELOCK-100x100.png 100w\" sizes=\"auto, (max-width: 401px) 100vw, 401px\" \/>                <\/div>\n                <div class=\"how-its-done__content\">\n                                            <h3 class=\"h5\">REGISTRIERUNG<\/h3>\n                                                                <p>Die Registrierung ist kostenlos, lediglich zur Verifizierung deines Zahlungsmittels musst du ein Fahrtguthaben von 1&nbsp;\u20ac hinterlegen, welches du sp\u00e4ter verfahren kannst.<\/p>\n                                                                <h3 class=\"h5\">AUSLEIHE<\/h3>\n                                                                <p>Das E-Lastenrad steht im Zeitraum April \u2013 November an der Station F\u00fcrstenweg zur Verf\u00fcgung. Scanne mit der nextbike App den QR-Code am Rad und das Rahmenschloss \u00f6ffnet sich automatisch. Bitte beachte, dass nur A-A Fahrten m\u00f6glich sind, d.h. das E-Lastenrad kann nur am Ausleih-Standort wieder zur\u00fcckgegeben werden.<\/p>\n                                                                <h3 class=\"h5\">PAUSIEREN<\/h3>\n                                                                <p>Fahrt pausieren, ohne die Ausleihe zu beenden? Pausiere dazu einfach deine Fahrt in der App und schlie\u00dfe das Schloss. Die Ausleihe l\u00e4uft w\u00e4hrend des Pausierens weiter und wird identisch berechnet.<\/p>\n                                                                <h3 class=\"h5\">R\u00dcCKGABE<\/h3>\n                                                                <p>Gebe das E-Lastenrad wieder an der Station ab, an der es auch ausgeliehen wurde. Stelle es dabei auf die F\u00fc\u00dfe und schlie\u00dfe das Rahmenschloss. Beende die Ausleihe \u00fcber die App. Bei R\u00fcckgaben abseits dieser Station erheben wir eine Servicegeb\u00fchr i.H.v. 40 \u20ac.<\/p>\n                                    <\/div>\n            <\/div>\n                                    <\/div>\n<\/div>[\/vc_column][\/vc_row][vc_row el_id=&#8220;tarife&#8220;][vc_column]<div class=\"nextbike tariffs\"><h2>Stadtrad Innsbruck Tarife<\/h2><div class=\"tariffs__text\"><p>Stadtrad Innsbruck bietet dir genau den passenden Tarif, egal ob bei gelegentlicher oder regelm\u00e4\u00dfiger Nutzung:<br \/>\nUnsere Standardtarife und Vorteilstarife bieten dir viele M\u00f6glichkeiten und gelten f\u00fcr alle Standardr\u00e4der und nicht motorisierten Lastenr\u00e4der von Stadtrad Innsbruck und VVT Regiorad. F\u00fcr E-Lastenfahrr\u00e4der kommt ein eigener Tarif zur Anwendung (siehe \u201aTarife f\u00fcr E-Lastenr\u00e4der\u2018).<\/p>\n<p>Es k\u00f6nnen bis zu vier R\u00e4der gleichzeitig auf einen Account ausgeliehen werden.<br \/>\nDer Monats-\/Jahrestarif und Sonderkonditionen f\u00fcr Innsbruck gelten in der Regel nur f\u00fcr das erste Rad. Im Wallet der nextbike-App kannst du deinen Tarif einfach wechseln.<\/p>\n<\/p><\/div><div class=\"tariffs__tabs \"><a role=\"button\" href=\"#\" class=\"tariffs__tab tariffs__tab__current\" data-tab=\"Standardtarife\">Standardtarife<\/a><a role=\"button\" href=\"#\" class=\"tariffs__tab \" data-tab=\"Vorteilstarife\">Vorteilstarife<\/a><a role=\"button\" href=\"#\" class=\"tariffs__tab \" data-tab=\"E-Lastenr\u00e4der\">E-Lastenr\u00e4der<\/a><a role=\"button\" href=\"#\" class=\"tariffs__tab \" data-tab=\"BUSINESSbike\">BUSINESSbike<\/a><\/div><div class=\"tariffs__contents\"><div class=\"tariffs__content  tariffs__content__current\" data-content=\"Standardtarife\"><div class=\"tariffs__content__card\">\n    <span class=\"h5\" role=\"heading\">F\u00dcR GELEGENHEITSFAHRER*INNEN<\/span>\n    <h3 class=\"h2\">Basistarif<\/h3>\n    <h4 class=\"h3\">1,30 \u20ac\/30 min<\/h4>\n    <p><p>Du f\u00e4hrst im Basistarif, wenn du keinen anderen Tarif gebucht hast und zahlst max. 19,10 \u20ac\/24 h pro Ausleihe. Die erste weitere halbe Stunde kostet 2,50 \u20ac. Jede weitere angefangene Stunde 3,60 \u20ac.<\/p>\n<\/p>\n<\/div>\n<\/div><div class=\"tariffs__content  \" data-content=\"Vorteilstarife\"><div class=\"tariffs__content__card\">\n    <span class=\"h5\" role=\"heading\">F\u00dcR VIELFAHRER*INNEN<\/span>\n    <h3 class=\"h2\">Monatstarif<\/h3>\n    <h4 class=\"h3\">12,40 \u20ac\/Monat<\/h4>\n    <p><p>Die ersten 30 Minuten pro Ausleihe sind inklusive. Die erste weitere halbe Stunde kostet 1,30 \u20ac, jede weitere Stunde 2,50 \u20ac ( maximal 11,40 \u20ac\/24 h).<\/p>\n<p>Der Tarif verl\u00e4ngert sich nicht automatisch.<\/p>\n<\/p>\n<\/div>\n<div class=\"tariffs__content__card\">\n    <span class=\"h5\" role=\"heading\">F\u00dcR DAUERNUTZER*INNEN<\/span>\n    <h3 class=\"h2\">Jahrestarif<\/h3>\n    <h4 class=\"h3\">49,50 \u20ac\/Jahr<\/h4>\n    <p><p>Die ersten 30 Minuten jeder Fahrt innerhalb von 365 Tagen sind inkl., die zweite halbe Stunde kostet 1,30 \u20ac, jede weitere Stunde 2,50 \u20ac (max. 11,40 \u20ac \/ 24 h).<\/p>\n<p>Dieser Tarif verl\u00e4ngert sich automatisch, wenn er nicht 4 Wochen vor Verl\u00e4ngerung gek\u00fcndigt wird.<\/p>\n<\/p>\n<\/div>\n<div class=\"tariffs__content__card\">\n    <span class=\"h5\" role=\"heading\">F\u00dcR DAUERNUTZER*INNEN<\/span>\n    <h3 class=\"h2\">Jahrestarif \u00d6ffi-Ticket<\/h3>\n    <h4 class=\"h3\">37,10 \u20ac\/Jahr<\/h4>\n    <p><p>Die ersten 30 Minuten jeder Fahrt innerhalb von 365 Tagen sind inkl., die zweite halbe Stunde kostet 1,30 \u20ac, jede weitere Stunde 2,40 \u20ac (max. 11,40 \u20ac \/ 24 h).<\/p>\n<p>Gilt f\u00fcr alle Besitzer*innen eines g\u00fcltigen KlimaTicket, Schulplus-Ticket, LehrPlus-Ticket, Semesterticket Innsbruck oder Tirol sowie eines Euregio Ticket Students. Unter \u201aKlimaTicket\u2018 f\u00e4llt jedes KlimaTicket, das zur Fahrt innerhalb Tirols, innerhalb von Regionen Tirols oder in Tiroler St\u00e4dten berechtigt; inbegriffen ist auch das Jahresticket Kufstein.<\/p>\n<p>Dieser Tarif verl\u00e4ngert sich automatisch, wenn er nicht 4 Wochen vor Verl\u00e4ngerung gek\u00fcndigt wird.<\/p>\n<\/p>\n<\/div>\n<\/div><div class=\"tariffs__content  \" data-content=\"E-Lastenr\u00e4der\"><div class=\"tariffs__content__card\">\n    <span class=\"h5\" role=\"heading\">e-Lastenrad<\/span>\n    <h3 class=\"h2\">Basistarif<\/h3>\n    <h4 class=\"h3\">2,10 \u20ac \/ 30 min<\/h4>\n    <p><p>Du zahlst max. 29,40 \u20ac\/24 h pro Ausleihe.<\/p>\n<p>E-Lastenr\u00e4der sind von Monats-\/Jahrestarifen sowie Vorteilstarifen ausgeschlossen.<\/p>\n<\/p>\n<\/div>\n<\/div><div class=\"tariffs__content  \" data-content=\"BUSINESSbike\"><div class=\"tariffs__content__card\">\n    <span class=\"h5\" role=\"heading\">Was ist das BUSINESSbike?<\/span>\n    <h3 class=\"h2\">BUSINESSbike<\/h3>\n    <h4 class=\"h3\"> <\/h4>\n    <p><p>Mit BUSINESSbike erm\u00f6glichen Unternehmen Ihren MitarbeiterInnen die Nutzung von Stadtrad Innsbruck zum Vorteilstarif. &#8211; Die Jahresgeb\u00fchr f\u00fcr den Vorteilstarif wird vom Unternehmen finanziert, die ersten 30 Minuten jeder Fahrt sind f\u00fcr die MitarbeiterInnen kostenlos. Etwaige Zusatzkosten (zB. bei Fahrten \u00fcber 30 Minuten) werden direkt \u00fcber die MitarbeiterInnen abgerechnet. Egal ob kleines oder gro\u00dfes Unternehmen \u2013 kontaktieren Sie uns, wir erstellen Ihnen gerne ein f\u00fcr Ihr Unternehmen ma\u00dfgeschneidertes Angebot (Mail: <a href=\"mailto:t.hillebrand@ivb.at\">t.hillebrand@ivb.at<\/a>)<\/p>\n<\/p>\n<\/div>\n<\/div><\/div><\/div>[\/vc_column][\/vc_row][vc_row full_width=&#8220;stretch_row_content_no_spaces&#8220; disable_element=&#8220;yes&#8220;][vc_column]<div class=\"nextbike cites\" style=\"background-image:url(https:\/\/www.stadtrad-innsbruck.at\/wp-content\/uploads\/sites\/8\/2022\/08\/11_bubble-SECTION.svg)\";><div class=\"container\"><p>Was andere sagen<\/p><p>\u2014<\/p><div class=\"cites__container cites-slider\"><div class=\"cites__slide\">\n    <div class=\"cites__slide__cite\">Funktioniert wunderbar. Fahrtpausen sind auch kein Problem. Habe ich bei anderen Anbietern schon anders erlebt. \ud83d\udc4d\r\n<\/div>\n    <div class=\"cites__slide__author\">\n        <div class=\"cites__slide__author__name\">Johannes<\/div>\n        <div class=\"cites__slide__author__platform\">Android Nutzer<\/div>\n    <\/div>\n<\/div>\n<div class=\"cites__slide\">\n    <div class=\"cites__slide__cite\">Hab die App f\u00fcr mich entdeckt als ich f\u00fcrs Studium vom Land in die Stadt gezogen bin und mein Fahrrad nicht mitnehmen konnte. Es ist einfach schnell und unkompliziert, noch besser als ich dachte. Geile Idee!<\/div>\n    <div class=\"cites__slide__author\">\n        <div class=\"cites__slide__author__name\">Kimmy<\/div>\n        <div class=\"cites__slide__author__platform\">iOS Nutzerin<\/div>\n    <\/div>\n<\/div>\n<div class=\"cites__slide\">\n    <div class=\"cites__slide__cite\">Funktioniert hier in Innsbruck perfekt! \ud83d\udc4c\ud83c\udffb\ud83d\udc4d\ud83c\udffb Bin sowas von zufrieden. Auch mein Fehler bei der R\u00fcckgabe (Stammkunde) wurde ohne gro\u00dfe Diskussion soeben richtig gestellt. Sehr freundlicher Kundenservice - Preis super - Alles Top - weiter so und vielen Dank!<\/div>\n    <div class=\"cites__slide__author\">\n        <div class=\"cites__slide__author__name\">Renate<\/div>\n        <div class=\"cites__slide__author__platform\">Android Nutzerin<\/div>\n    <\/div>\n<\/div>\n<div class=\"cites__slide\">\n    <div class=\"cites__slide__cite\">Die ungebundene Mobilit\u00e4t in der Stadt ist spitze. Somit hat man immer einen Anschluss an die Bahn oder Bus f\u00fcr die letzten Meter.<\/div>\n    <div class=\"cites__slide__author\">\n        <div class=\"cites__slide__author__name\">Tim<\/div>\n        <div class=\"cites__slide__author__platform\">iOS Nutzer<\/div>\n    <\/div>\n<\/div>\n<\/div>\n                                <\/div>\n                            <\/div>[\/vc_column][\/vc_row][vc_row ppi_row_padding=&#8220;ppi_remove_padding_bottom&#8220; full_width=&#8220;stretch_row_content_no_spaces&#8220; el_id=&#8220;standorte&#8220;][vc_column]<div class=\"nextbike slider\">\n            <div class=\"slider__black\">\n            <h2 class=\"h1\">Entdecke Innsbruck per Stadtrad<\/h2>\n        <\/div>\n        <div class=\"full-width-slider\">\n                        <div class=\"slider__slide center\">\n                    <img loading=\"lazy\" decoding=\"async\" width=\"1920\" height=\"1279\" src=\"https:\/\/www.stadtrad-innsbruck.at\/wp-content\/uploads\/sites\/8\/2022\/08\/innsbruck_slider1-1920x1279.jpg\" class=\"attachment-nex-max size-nex-max wp-post-image\" alt=\"\" srcset=\"https:\/\/www.stadtrad-innsbruck.at\/wp-content\/uploads\/sites\/8\/2022\/08\/innsbruck_slider1-1920x1279.jpg 1920w, https:\/\/www.stadtrad-innsbruck.at\/wp-content\/uploads\/sites\/8\/2022\/08\/innsbruck_slider1-300x200.jpg 300w, https:\/\/www.stadtrad-innsbruck.at\/wp-content\/uploads\/sites\/8\/2022\/08\/innsbruck_slider1-1024x682.jpg 1024w, https:\/\/www.stadtrad-innsbruck.at\/wp-content\/uploads\/sites\/8\/2022\/08\/innsbruck_slider1-768x512.jpg 768w, https:\/\/www.stadtrad-innsbruck.at\/wp-content\/uploads\/sites\/8\/2022\/08\/innsbruck_slider1-1200x800.jpg 1200w, https:\/\/www.stadtrad-innsbruck.at\/wp-content\/uploads\/sites\/8\/2022\/08\/innsbruck_slider1-992x661.jpg 992w, https:\/\/www.stadtrad-innsbruck.at\/wp-content\/uploads\/sites\/8\/2022\/08\/innsbruck_slider1-480x320.jpg 480w, https:\/\/www.stadtrad-innsbruck.at\/wp-content\/uploads\/sites\/8\/2022\/08\/innsbruck_slider1-210x140.jpg 210w, https:\/\/www.stadtrad-innsbruck.at\/wp-content\/uploads\/sites\/8\/2022\/08\/innsbruck_slider1-150x100.jpg 150w\" sizes=\"auto, (max-width: 1920px) 100vw, 1920px\" \/>                                        <div class=\"slider__slide__inner container\">\n                        <h3 class=\"h2\">\u00dcber 600 Fahrr\u00e4der.<\/h3>                                                                    <\/div>\n                <\/div>\n                            <div class=\"slider__slide center\">\n                    <img loading=\"lazy\" decoding=\"async\" width=\"1920\" height=\"1280\" src=\"https:\/\/www.stadtrad-innsbruck.at\/wp-content\/uploads\/sites\/8\/2022\/08\/IVBStadtradBoznerPlatz_14-1920x1280.jpeg\" class=\"attachment-nex-max size-nex-max wp-post-image\" alt=\"\" srcset=\"https:\/\/www.stadtrad-innsbruck.at\/wp-content\/uploads\/sites\/8\/2022\/08\/IVBStadtradBoznerPlatz_14-1920x1280.jpeg 1920w, https:\/\/www.stadtrad-innsbruck.at\/wp-content\/uploads\/sites\/8\/2022\/08\/IVBStadtradBoznerPlatz_14-300x200.jpeg 300w, https:\/\/www.stadtrad-innsbruck.at\/wp-content\/uploads\/sites\/8\/2022\/08\/IVBStadtradBoznerPlatz_14-1024x683.jpeg 1024w, https:\/\/www.stadtrad-innsbruck.at\/wp-content\/uploads\/sites\/8\/2022\/08\/IVBStadtradBoznerPlatz_14-768x512.jpeg 768w, https:\/\/www.stadtrad-innsbruck.at\/wp-content\/uploads\/sites\/8\/2022\/08\/IVBStadtradBoznerPlatz_14-1200x800.jpeg 1200w, https:\/\/www.stadtrad-innsbruck.at\/wp-content\/uploads\/sites\/8\/2022\/08\/IVBStadtradBoznerPlatz_14-992x661.jpeg 992w, https:\/\/www.stadtrad-innsbruck.at\/wp-content\/uploads\/sites\/8\/2022\/08\/IVBStadtradBoznerPlatz_14-480x320.jpeg 480w, https:\/\/www.stadtrad-innsbruck.at\/wp-content\/uploads\/sites\/8\/2022\/08\/IVBStadtradBoznerPlatz_14-210x140.jpeg 210w, https:\/\/www.stadtrad-innsbruck.at\/wp-content\/uploads\/sites\/8\/2022\/08\/IVBStadtradBoznerPlatz_14-150x100.jpeg 150w\" sizes=\"auto, (max-width: 1920px) 100vw, 1920px\" \/>                                        <div class=\"slider__slide__inner container\">\n                        <h3 class=\"h2\">An ca. 50 Standorten.<\/h3>                                                                    <\/div>\n                <\/div>\n                <\/div>\n<\/div>\n[\/vc_column][\/vc_row]<\/p>\n<\/div>","protected":false},"excerpt":{"rendered":"<p>[vc_row ppi_row_padding=&#8220;ppi_remove_padding_top,ppi_remove_padding_bottom&#8220; full_width=&#8220;stretch_row_content_no_spaces&#8220; el_class=&#8220;stage-row&#8220;][vc_column][\/vc_column][\/vc_row][vc_row ppi_row_padding=&#8220;ppi_remove_padding_top&#8220;][vc_column][\/vc_column][\/vc_row][vc_row ppi_row_type=&#8220;ppi_bg_grey&#8220; full_width=&#8220;stretch_row&#8220; el_id=&#8220;so-gehts&#8220;][vc_column][\/vc_column][\/vc_row][vc_row el_id=&#8220;tarife&#8220;][vc_column][\/vc_column][\/vc_row][vc_row full_width=&#8220;stretch_row_content_no_spaces&#8220; disable_element=&#8220;yes&#8220;][vc_column][\/vc_column][\/vc_row][vc_row ppi_row_padding=&#8220;ppi_remove_padding_bottom&#8220; full_width=&#8220;stretch_row_content_no_spaces&#8220; el_id=&#8220;standorte&#8220;][vc_column][\/vc_column][\/vc_row]<\/p>\n","protected":false},"author":5,"featured_media":0,"parent":0,"menu_order":0,"comment_status":"closed","ping_status":"closed","template":"","meta":{"_acf_changed":false,"inline_featured_image":false,"footnotes":""},"class_list":["post-4","page","type-page","status-publish","hentry"],"acf":[],"yoast_head":"<!-- This site is optimized with the Yoast SEO plugin v27.2 - https:\/\/yoast.com\/product\/yoast-seo-wordpress\/ -->\n<title>Startseite - IVB Stadtrad Innsbruck<\/title>\n<meta name=\"robots\" content=\"index, follow, max-snippet:-1, max-image-preview:large, max-video-preview:-1\" \/>\n<link rel=\"canonical\" href=\"https:\/\/www.stadtrad-innsbruck.at\/de\/\" \/>\n<meta property=\"og:locale\" content=\"de_DE\" \/>\n<meta property=\"og:type\" content=\"article\" \/>\n<meta property=\"og:title\" content=\"Startseite - IVB Stadtrad Innsbruck\" \/>\n<meta property=\"og:description\" content=\"[vc_row ppi_row_padding=&#8220;ppi_remove_padding_top,ppi_remove_padding_bottom&#8220; full_width=&#8220;stretch_row_content_no_spaces&#8220; el_class=&#8220;stage-row&#8220;][vc_column][\/vc_column][\/vc_row][vc_row ppi_row_padding=&#8220;ppi_remove_padding_top&#8220;][vc_column][\/vc_column][\/vc_row][vc_row ppi_row_type=&#8220;ppi_bg_grey&#8220; full_width=&#8220;stretch_row&#8220; el_id=&#8220;so-gehts&#8220;][vc_column][\/vc_column][\/vc_row][vc_row el_id=&#8220;tarife&#8220;][vc_column][\/vc_column][\/vc_row][vc_row full_width=&#8220;stretch_row_content_no_spaces&#8220; disable_element=&#8220;yes&#8220;][vc_column][\/vc_column][\/vc_row][vc_row ppi_row_padding=&#8220;ppi_remove_padding_bottom&#8220; full_width=&#8220;stretch_row_content_no_spaces&#8220; el_id=&#8220;standorte&#8220;][vc_column][\/vc_column][\/vc_row]\" \/>\n<meta property=\"og:url\" content=\"https:\/\/www.stadtrad-innsbruck.at\/de\/\" \/>\n<meta property=\"og:site_name\" content=\"IVB Stadtrad Innsbruck\" \/>\n<meta property=\"article:modified_time\" content=\"2022-08-13T10:35:18+00:00\" \/>\n<meta name=\"twitter:card\" content=\"summary_large_image\" \/>\n<meta name=\"twitter:label1\" content=\"Gesch\u00e4tzte Lesezeit\" \/>\n\t<meta name=\"twitter:data1\" content=\"1\u00a0Minute\" \/>\n<script type=\"application\/ld+json\" class=\"yoast-schema-graph\">{\"@context\":\"https:\/\/schema.org\",\"@graph\":[{\"@type\":\"WebPage\",\"@id\":\"https:\/\/www.stadtrad-innsbruck.at\/de\/\",\"url\":\"https:\/\/www.stadtrad-innsbruck.at\/de\/\",\"name\":\"Startseite - IVB Stadtrad Innsbruck\",\"isPartOf\":{\"@id\":\"https:\/\/www.stadtrad-innsbruck.at\/de\/#website\"},\"datePublished\":\"2022-08-11T10:13:00+00:00\",\"dateModified\":\"2022-08-13T10:35:18+00:00\",\"breadcrumb\":{\"@id\":\"https:\/\/www.stadtrad-innsbruck.at\/de\/#breadcrumb\"},\"inLanguage\":\"de\",\"potentialAction\":[{\"@type\":\"ReadAction\",\"target\":[\"https:\/\/www.stadtrad-innsbruck.at\/de\/\"]}]},{\"@type\":\"BreadcrumbList\",\"@id\":\"https:\/\/www.stadtrad-innsbruck.at\/de\/#breadcrumb\",\"itemListElement\":[{\"@type\":\"ListItem\",\"position\":1,\"name\":\"Startseite\",\"item\":\"https:\/\/www.stadtrad-innsbruck.at\/de\/\"},{\"@type\":\"ListItem\",\"position\":2,\"name\":\"Startseite\"}]},{\"@type\":\"WebSite\",\"@id\":\"https:\/\/www.stadtrad-innsbruck.at\/de\/#website\",\"url\":\"https:\/\/www.stadtrad-innsbruck.at\/de\/\",\"name\":\"IVB Stadtrad Innsbruck\",\"description\":\"Jetzt IVB Stadtrad in Innsbruck fahren\",\"potentialAction\":[{\"@type\":\"SearchAction\",\"target\":{\"@type\":\"EntryPoint\",\"urlTemplate\":\"https:\/\/www.stadtrad-innsbruck.at\/de\/?s={search_term_string}\"},\"query-input\":{\"@type\":\"PropertyValueSpecification\",\"valueRequired\":true,\"valueName\":\"search_term_string\"}}],\"inLanguage\":\"de\"}]}<\/script>\n<!-- \/ Yoast SEO plugin. -->","yoast_head_json":{"title":"Startseite - IVB Stadtrad Innsbruck","robots":{"index":"index","follow":"follow","max-snippet":"max-snippet:-1","max-image-preview":"max-image-preview:large","max-video-preview":"max-video-preview:-1"},"canonical":"https:\/\/www.stadtrad-innsbruck.at\/de\/","og_locale":"de_DE","og_type":"article","og_title":"Startseite - IVB Stadtrad Innsbruck","og_description":"[vc_row ppi_row_padding=&#8220;ppi_remove_padding_top,ppi_remove_padding_bottom&#8220; full_width=&#8220;stretch_row_content_no_spaces&#8220; el_class=&#8220;stage-row&#8220;][vc_column][\/vc_column][\/vc_row][vc_row ppi_row_padding=&#8220;ppi_remove_padding_top&#8220;][vc_column][\/vc_column][\/vc_row][vc_row ppi_row_type=&#8220;ppi_bg_grey&#8220; full_width=&#8220;stretch_row&#8220; el_id=&#8220;so-gehts&#8220;][vc_column][\/vc_column][\/vc_row][vc_row el_id=&#8220;tarife&#8220;][vc_column][\/vc_column][\/vc_row][vc_row full_width=&#8220;stretch_row_content_no_spaces&#8220; disable_element=&#8220;yes&#8220;][vc_column][\/vc_column][\/vc_row][vc_row ppi_row_padding=&#8220;ppi_remove_padding_bottom&#8220; full_width=&#8220;stretch_row_content_no_spaces&#8220; el_id=&#8220;standorte&#8220;][vc_column][\/vc_column][\/vc_row]","og_url":"https:\/\/www.stadtrad-innsbruck.at\/de\/","og_site_name":"IVB Stadtrad Innsbruck","article_modified_time":"2022-08-13T10:35:18+00:00","twitter_card":"summary_large_image","twitter_misc":{"Gesch\u00e4tzte Lesezeit":"1\u00a0Minute"},"schema":{"@context":"https:\/\/schema.org","@graph":[{"@type":"WebPage","@id":"https:\/\/www.stadtrad-innsbruck.at\/de\/","url":"https:\/\/www.stadtrad-innsbruck.at\/de\/","name":"Startseite - IVB Stadtrad Innsbruck","isPartOf":{"@id":"https:\/\/www.stadtrad-innsbruck.at\/de\/#website"},"datePublished":"2022-08-11T10:13:00+00:00","dateModified":"2022-08-13T10:35:18+00:00","breadcrumb":{"@id":"https:\/\/www.stadtrad-innsbruck.at\/de\/#breadcrumb"},"inLanguage":"de","potentialAction":[{"@type":"ReadAction","target":["https:\/\/www.stadtrad-innsbruck.at\/de\/"]}]},{"@type":"BreadcrumbList","@id":"https:\/\/www.stadtrad-innsbruck.at\/de\/#breadcrumb","itemListElement":[{"@type":"ListItem","position":1,"name":"Startseite","item":"https:\/\/www.stadtrad-innsbruck.at\/de\/"},{"@type":"ListItem","position":2,"name":"Startseite"}]},{"@type":"WebSite","@id":"https:\/\/www.stadtrad-innsbruck.at\/de\/#website","url":"https:\/\/www.stadtrad-innsbruck.at\/de\/","name":"IVB Stadtrad Innsbruck","description":"Jetzt IVB Stadtrad in Innsbruck fahren","potentialAction":[{"@type":"SearchAction","target":{"@type":"EntryPoint","urlTemplate":"https:\/\/www.stadtrad-innsbruck.at\/de\/?s={search_term_string}"},"query-input":{"@type":"PropertyValueSpecification","valueRequired":true,"valueName":"search_term_string"}}],"inLanguage":"de"}]}},"_links":{"self":[{"href":"https:\/\/www.stadtrad-innsbruck.at\/de\/wp-json\/wp\/v2\/pages\/4","targetHints":{"allow":["GET"]}}],"collection":[{"href":"https:\/\/www.stadtrad-innsbruck.at\/de\/wp-json\/wp\/v2\/pages"}],"about":[{"href":"https:\/\/www.stadtrad-innsbruck.at\/de\/wp-json\/wp\/v2\/types\/page"}],"author":[{"embeddable":true,"href":"https:\/\/www.stadtrad-innsbruck.at\/de\/wp-json\/wp\/v2\/users\/5"}],"replies":[{"embeddable":true,"href":"https:\/\/www.stadtrad-innsbruck.at\/de\/wp-json\/wp\/v2\/comments?post=4"}],"version-history":[{"count":4,"href":"https:\/\/www.stadtrad-innsbruck.at\/de\/wp-json\/wp\/v2\/pages\/4\/revisions"}],"predecessor-version":[{"id":81,"href":"https:\/\/www.stadtrad-innsbruck.at\/de\/wp-json\/wp\/v2\/pages\/4\/revisions\/81"}],"wp:attachment":[{"href":"https:\/\/www.stadtrad-innsbruck.at\/de\/wp-json\/wp\/v2\/media?parent=4"}],"curies":[{"name":"wp","href":"https:\/\/api.w.org\/{rel}","templated":true}]}}